{"id":39626,"date":"2025-06-03T22:36:44","date_gmt":"2025-06-03T20:36:44","guid":{"rendered":"https:\/\/wgt.ch\/?post_type=feiern&#038;p=39626"},"modified":"2026-04-28T17:45:32","modified_gmt":"2026-04-28T15:45:32","slug":"2026-nigeria-2","status":"publish","type":"page","link":"https:\/\/wgt.ch\/fr\/2026-nigeria-2\/","title":{"rendered":"2026 Nig\u00e9ria"},"content":{"rendered":"<section class=\"l-section wpb_row height_small width_full with_img\"><div class=\"l-section-img\" role=\"img\" aria-label=\"Image\" data-img-width=\"1896\" data-img-height=\"590\" style=\"background-image: url(https:\/\/wgt.ch\/wp-content\/uploads\/2025\/05\/6-Artwork-2026-Rest-for-the-Weary-by-Gift-Amarachi-Ottah-grAusschnitt-e1746456230915.jpg);\"><\/div><div class=\"l-section-h i-cf\"><div class=\"g-cols vc_row via_grid cols_1 laptops-cols_inherit tablets-cols_inherit mobiles-cols_1 valign_top type_default stacking_default\"><div class=\"wpb_column vc_column_container\"><div class=\"vc_column-inner\"><div class=\"w-separator size_custom\" style=\"height:20vh\"><\/div><\/div><\/div><\/div><\/div><\/section><section class=\"l-section wpb_row height_small\"><div class=\"l-section-h i-cf\"><div class=\"g-cols vc_row via_grid cols_1 laptops-cols_inherit tablets-cols_inherit mobiles-cols_1 valign_top type_default stacking_default\"><div class=\"wpb_column vc_column_container\"><div class=\"vc_column-inner\"><h1 class=\"w-post-elm post_title entry-title color_link_inherit\">2026 Nig\u00e9ria<\/h1><\/div><\/div><\/div><\/div><\/section><section class=\"l-section wpb_row height_small\"><div class=\"l-section-h i-cf\"><div class=\"g-cols vc_row via_grid cols_1 laptops-cols_inherit tablets-cols_inherit mobiles-cols_1 valign_top type_default stacking_default\"><div class=\"wpb_column vc_column_container\"><div class=\"vc_column-inner\"><div class=\"wpb_text_column\"><div class=\"wpb_wrapper\"><h3><strong>Je veux vous fortifier. Venez\u00a0!<\/strong><\/h3>\n<\/div><\/div><\/div><\/div><\/div><\/div><\/section><section class=\"l-section wpb_row height_small\"><div class=\"l-section-h i-cf\"><div class=\"g-cols vc_row via_grid cols_1 laptops-cols_inherit tablets-cols_inherit mobiles-cols_1 valign_top type_default stacking_default\"><div class=\"wpb_column vc_column_container\"><div class=\"vc_column-inner\"><div class=\"g-cols wpb_row via_grid cols_2-1 laptops-cols_inherit tablets-cols_inherit mobiles-cols_1 valign_top type_default stacking_default\" style=\"--columns-gap:3rem;\"><div class=\"wpb_column vc_column_container\"><div class=\"vc_column-inner\"><div class=\"wpb_text_column\"><div class=\"wpb_wrapper\"><p>Le Nig\u00e9ria se situe sur la c\u00f4te ouest du continent africain et s&#8217;\u00e9tend sur une superficie de 923 768 km\u00b2 (Suisse : env. 41&#8217;000 km\u00b2). Avec une population d&#8217;environ 230 millions d&#8217;habitants (2024), c&#8217;est le pays le plus peupl\u00e9 du continent.<br \/>\nLes trois principaux groupes ethniques du Nig\u00e9ria sont les <em>Haoussas-Fulanis<\/em> au nord, les <em>Yorubas<\/em> au sud-ouest et les <em>Igbos<\/em> au sud-est. On recense \u00e9galement plus de 250 communaut\u00e9s ethniques et plus de 500 langues indig\u00e8nes.<br \/>\nLes religions traditionnelles africaines sont caract\u00e9ris\u00e9es par une grande diversit\u00e9 de croyances et de rites. Le christianisme a \u00e9t\u00e9 introduit \u00e0 l&#8217;\u00e9poque coloniale par des missionnaires europ\u00e9ens. Dans le nord du continent, c&#8217;est surtout l&#8217;islam qui est r\u00e9pandu.<\/p>\n<p>La diversit\u00e9 culturelle du Nig\u00e9ria s&#8217;exprime \u00e0 travers les textiles aux couleurs vives, chacun des motifs raconte une histoire de l&#8217;h\u00e9ritage traditionnel. Le pays poss\u00e8de en effet une longue tradition d&#8217;histoires, de musique, de danse et de th\u00e9\u00e2tre, et dispose \u00e9galement d&#8217;une importante industrie cin\u00e9matographique depuis l&#8217;\u00e9poque moderne. La litt\u00e9rature nig\u00e9riane est devenue c\u00e9l\u00e8bre dans le monde entier gr\u00e2ce aux diff\u00e9rents prix internationaux qu&#8217;elle a re\u00e7us.<\/p>\n<p>Depuis son ind\u00e9pendance de la domination coloniale britannique en 1960, le Nig\u00e9ria a connu une histoire mouvement\u00e9e. Les \u00e9v\u00e9nements marquants, tels que la guerre du Biafra (1967-1970) et les actions terroristes du groupe islamiste Boko Haram, sont encore pr\u00e9sents dans les m\u00e9moires.<\/p>\n<p>Bien que les femmes occupent des postes politiques, scientifiques et culturels importants au Nig\u00e9ria, de nombreux droits des femmes ne sont toujours pas respect\u00e9s.<\/p>\n<p>C&#8217;est ce que t\u00e9moignent des femmes issues de divers milieux et contextes sociaux dans la liturgie actuelle.<br \/>\nSous le titre \u00ab\u00a0Je veux vous fortifier. Venez\u00a0!\u00a0\u00bb, une version abr\u00e9g\u00e9e de la c\u00e9l\u00e8bre parole biblique de J\u00e9sus\u00a0: \u00ab\u00a0Venez \u00e0 moi, vous tous qui peinez sous le poids du fardeau, et moi, je vous donnerai le repos.\u00a0\u00bb, (Mt 11,28), elles d\u00e9crivent leur fardeau quotidien et comment elles trouvent dans la foi \u00ab\u00a0le repos de l&#8217;\u00e2me\u00a0\u00bb.<br \/>\nL&#8217;artiste nig\u00e9riane <em>Gift Amarachi Ottah<\/em> a con\u00e7u pour cette occasion une illustration saisissante intitul\u00e9e \u00ab\u00a0Du repos pour les femmes \u00e9puis\u00e9es\u00a0\u00bb.<\/p>\n<\/div><\/div><div class=\"w-separator size_small\"><\/div><\/div><\/div><div class=\"wpb_column vc_column_container\"><div class=\"vc_column-inner\"><div class=\"w-image align_center\"><a ref=\"magnificPopup\" href=\"https:\/\/wgt.ch\/wp-content\/uploads\/2025\/05\/6-Artwork-2026-Rest-for-the-Weary-by-Gift-Amarachi-Ottah-2.9MB.jpg\" aria-label=\"Titelbild 2026 Nigeria\" class=\"w-image-h\"><img decoding=\"async\" src=\"https:\/\/wgt.ch\/wp-content\/uploads\/2025\/05\/6-Artwork-2026-Rest-for-the-Weary-by-Gift-Amarachi-Ottah-2.9MB.jpg\" class=\"attachment-full size-full\" alt=\"\" loading=\"lazy\" \/><\/a><\/div><div class=\"w-separator size_custom\" style=\"height:15px\"><\/div><div class=\"wpb_text_column\"><div class=\"wpb_wrapper\"><p style=\"text-align: center;\"><span>Image de couverture<\/span> 2026 Nig\u00e9ria <span data-olk-copy-source=\"MessageBody\">\u00a9 WDPIC<br \/>\n\u00ab Du repos pour les femmes \u00e9puis\u00e9es \u00bb,<br \/>\nde Gift Amarachi Ottah<br \/>\n<\/span><\/p>\n<\/div><\/div><div class=\"w-separator size_small\"><\/div><div class=\"w-image align_center\"><a ref=\"magnificPopup\" href=\"https:\/\/wgt.ch\/wp-content\/uploads\/2022\/11\/WGT-CH-Logo-transparent-352-px.png\" aria-label=\"WGT CH Logo transparent 352 px\" class=\"w-image-h\"><img decoding=\"async\" width=\"150\" height=\"150\" src=\"https:\/\/wgt.ch\/wp-content\/uploads\/2022\/11\/WGT-CH-Logo-transparent-352-px-150x150.png\" class=\"attachment-thumbnail size-thumbnail\" alt=\"{:de}WGT-CH Logo transparent 352 px{:}{:fr}JMP-CH Logo transparent 352 px{:}{:it}GMP-CH Logo trasparente 352 px{:}\" loading=\"lazy\" srcset=\"https:\/\/wgt.ch\/wp-content\/uploads\/2022\/11\/WGT-CH-Logo-transparent-352-px-150x150.png 150w, https:\/\/wgt.ch\/wp-content\/uploads\/2022\/11\/WGT-CH-Logo-transparent-352-px-300x300.png 300w, https:\/\/wgt.ch\/wp-content\/uploads\/2022\/11\/WGT-CH-Logo-transparent-352-px.png 352w\" sizes=\"auto, (max-width: 150px) 100vw, 150px\" \/><\/a><\/div><div class=\"w-separator size_custom\" style=\"height:15px\"><\/div><div class=\"wpb_text_column\"><div class=\"wpb_wrapper\"><p style=\"text-align: center;\"><span>Logo JMP-CH depuis 2022<\/span><br \/>\n<span>cliquez pour t\u00e9l\u00e9charger<\/span><\/p>\n<\/div><\/div><div class=\"w-separator size_small\"><\/div><\/div><\/div><\/div><div class=\"g-cols wpb_row via_grid cols_3 laptops-cols_inherit tablets-cols_inherit mobiles-cols_1 valign_top type_default stacking_default\" style=\"--columns-gap:3rem;\"><div class=\"wpb_column vc_column_container\"><div class=\"vc_column-inner\"><div class=\"w-image align_none\"><a title=\"Fen\u00e8tre sur Nig\u00e9ria\" href=\"https:\/\/wgt.ch\/fr\/2026-nigeria-2\/fenster-zu-nigeria\/\" aria-label=\"Fen\u00eatre sur Nig\u00e9ria\" class=\"w-image-h\"><img decoding=\"async\" width=\"1024\" height=\"1024\" src=\"https:\/\/wgt.ch\/wp-content\/uploads\/2025\/06\/Fenetre-sur-Nigeria-1024x1024.jpg\" class=\"attachment-large size-large\" alt=\"\" loading=\"lazy\" srcset=\"https:\/\/wgt.ch\/wp-content\/uploads\/2025\/06\/Fenetre-sur-Nigeria-1024x1024.jpg 1024w, https:\/\/wgt.ch\/wp-content\/uploads\/2025\/06\/Fenetre-sur-Nigeria-300x300.jpg 300w, https:\/\/wgt.ch\/wp-content\/uploads\/2025\/06\/Fenetre-sur-Nigeria-150x150.jpg 150w, https:\/\/wgt.ch\/wp-content\/uploads\/2025\/06\/Fenetre-sur-Nigeria.jpg 2000w\" sizes=\"auto, (max-width: 1024px) 100vw, 1024px\" \/><\/a><\/div><\/div><\/div><div class=\"wpb_column vc_column_container\"><div class=\"vc_column-inner\"><div class=\"w-btn-wrapper align_center\"><a class=\"w-btn us-btn-style_2 us_custom_df8388f1 has_text_color\" href=\"https:\/\/wgt.ch\/fr\/ueber-uns\/termine\/\"><span class=\"w-btn-label\">Dates des \u00e9v\u00e9nements et des r\u00e9unions de pr\u00e9paration<\/span><\/a><\/div><div class=\"w-btn-wrapper align_center\"><a class=\"w-btn us-btn-style_2 us_custom_df8388f1 has_text_color\" href=\"https:\/\/wgt.ch\/fr\/2026-nigeria-2\/rueckblick-2026-nigeria\/\"><span class=\"w-btn-label\">R\u00e9trospective des c\u00e9l\u00e9brations 2026 Nig\u00e9ria<\/span><\/a><\/div><\/div><\/div><div class=\"wpb_column vc_column_container\"><div class=\"vc_column-inner\"><div class=\"w-btn-wrapper align_left\"><a class=\"w-btn us-btn-style_2 us_custom_df8388f1 has_text_color\" href=\" https:\/\/wgt.ch\/fr\/2026-nigeria-2\/downloads-2026-nigeria\/\"><span class=\"w-btn-label\">T\u00e9l\u00e9chargements 2026 Nig\u00e9ria<\/span><\/a><\/div><\/div><\/div><\/div><div class=\"w-separator size_medium\"><\/div><div class=\"g-cols wpb_row via_grid cols_1 laptops-cols_inherit tablets-cols_inherit mobiles-cols_1 valign_top type_default stacking_default\" style=\"--columns-gap:3rem;\"><div class=\"wpb_column vc_column_container\"><div class=\"vc_column-inner\"><div class=\"w-map provider_google\" id=\"us_map_1\"><div class=\"w-map-inner\"><div class=\"w-map-json\" onclick='return {&quot;address&quot;:&quot;Nigeria&quot;,&quot;disableDragging&quot;:0,&quot;disableZoom&quot;:0,&quot;hideControls&quot;:0,&quot;zoom&quot;:4,&quot;markers&quot;:[{&quot;address&quot;:&quot;Nigeria&quot;,&quot;html&quot;:&quot;&lt;h6&gt;Nigeria&lt;\\\/h6&gt;&quot;,&quot;infowindow&quot;:&quot;1&quot;}],&quot;maptype&quot;:&quot;TERRAIN&quot;}'><\/div><\/div><\/div><div class=\"w-separator size_medium\"><\/div><\/div><\/div><\/div><\/div><\/div><\/div><\/div><\/section>\n","protected":false},"excerpt":{"rendered":"{:de}2026 Nig\u00e9riaIch will euch st\u00e4rken, kommt! Nigeria liegt an der Westk\u00fcste Afrikas und erstreckt sich \u00fcber eine Fl\u00e4che von 923&#8217;768 km\u00b2 (Schweiz: ca. 41&#8217;000 km\u00b2). Mit einer Bev\u00f6lkerung von ca. 230\u00a0Millionen Menschen (2024) ist Nigeria das bev\u00f6lkerungsreichste Land Afrikas. Die drei gr\u00f6ssten ethnischen Gruppen in Nigeria sind die Hausa-Fulani im Norden, die Yoruba im S\u00fcdwesten...","protected":false},"author":5,"featured_media":39516,"parent":0,"menu_order":0,"comment_status":"closed","ping_status":"closed","template":"","meta":{"_acf_changed":false,"footnotes":""},"class_list":["post-39626","page","type-page","status-publish","has-post-thumbnail","hentry"],"translation":{"provider":"WPGlobus","version":"3.0.2","language":"fr","enabled_languages":["de","fr","it"],"languages":{"de":{"title":true,"content":true,"excerpt":false},"fr":{"title":true,"content":true,"excerpt":false},"it":{"title":true,"content":true,"excerpt":false}}},"acf":[],"_links":{"self":[{"href":"https:\/\/wgt.ch\/fr\/wp-json\/wp\/v2\/pages\/39626","targetHints":{"allow":["GET"]}}],"collection":[{"href":"https:\/\/wgt.ch\/fr\/wp-json\/wp\/v2\/pages"}],"about":[{"href":"https:\/\/wgt.ch\/fr\/wp-json\/wp\/v2\/types\/page"}],"author":[{"embeddable":true,"href":"https:\/\/wgt.ch\/fr\/wp-json\/wp\/v2\/users\/5"}],"replies":[{"embeddable":true,"href":"https:\/\/wgt.ch\/fr\/wp-json\/wp\/v2\/comments?post=39626"}],"version-history":[{"count":7,"href":"https:\/\/wgt.ch\/fr\/wp-json\/wp\/v2\/pages\/39626\/revisions"}],"predecessor-version":[{"id":45883,"href":"https:\/\/wgt.ch\/fr\/wp-json\/wp\/v2\/pages\/39626\/revisions\/45883"}],"wp:featuredmedia":[{"embeddable":true,"href":"https:\/\/wgt.ch\/fr\/wp-json\/wp\/v2\/media\/39516"}],"wp:attachment":[{"href":"https:\/\/wgt.ch\/fr\/wp-json\/wp\/v2\/media?parent=39626"}],"curies":[{"name":"wp","href":"https:\/\/api.w.org\/{rel}","templated":true}]}}